{"id":1359,"date":"2014-08-10T18:32:25","date_gmt":"2014-08-10T17:32:25","guid":{"rendered":"http:\/\/www.gjutarenafve.com\/?page_id=1359"},"modified":"2020-11-24T11:39:13","modified_gmt":"2020-11-24T10:39:13","slug":"vimeo-filmer","status":"publish","type":"page","link":"https:\/\/www.gjutarenafve.com\/?page_id=1359","title":{"rendered":"FILM CV"},"content":{"rendered":"<p>Min senaste Showreel:<\/p>\n<p>https:\/\/www.youtube.com\/watch?v=auqarCIMe0Y&#038;t=5s<\/p>\n<p>Jag producerar dokument\u00e4rfilmer runt den \u00e5rliga uth\u00e5llighetst\u00e4vlingen Maratonmarschen\/Fotrally (startade 2009).<\/p>\n<p><iframe title=\"Maratonmarschen 2019 \/ Fotrally - Dokument\u00e4ren. TEXTAD\" src=\"https:\/\/player.vimeo.com\/video\/415243199?dnt=1&amp;app_id=122963\" width=\"500\" height=\"281\" frameborder=\"0\" allow=\"autoplay; fullscreen; picture-in-picture; clipboard-write\"><\/iframe><\/p>\n<p>H\u00e4r en trailer d\u00e4r jag agerar som Journalist\/Reporter<\/p>\n<p><iframe title=\"Maratonmarschen 2016 \/ Fotrally. Kort efterfilm\" src=\"https:\/\/player.vimeo.com\/video\/177289594?dnt=1&amp;app_id=122963\" width=\"500\" height=\"281\" frameborder=\"0\" allow=\"autoplay; fullscreen; picture-in-picture; clipboard-write\"><\/iframe><\/p>\n<p>Ett omskakande mer argt sk\u00e5despeleri gjorde jag i bl.a. Sveriges v\u00e4rsta bilf\u00f6rare, b\u00e5de 2012 samt 2016.<\/p>\n<p><iframe title=\"Sveriges v\u00e4rsta bilf\u00f6rare 2016. Arga Mannen i h\u00f6gform.\" src=\"https:\/\/player.vimeo.com\/video\/172638695?dnt=1&amp;app_id=122963\" width=\"500\" height=\"281\" frameborder=\"0\" allow=\"autoplay; fullscreen; picture-in-picture; clipboard-write\"><\/iframe><\/p>\n<p>Som reporter i ledet kan m\u00e5nga ha sv\u00e5rt f\u00f6r en driven sk\u00e5ning&#8230;2016<\/p>\n<p><iframe title=\"Reporter i Maratonmarschen \/ Fotrally\" src=\"https:\/\/player.vimeo.com\/video\/176776039?dnt=1&amp;app_id=122963\" width=\"500\" height=\"281\" frameborder=\"0\" allow=\"autoplay; fullscreen; picture-in-picture; clipboard-write\"><\/iframe><\/p>\n<p>Jag \u00e4r mer \u00e4n n\u00f6jd med min dokument\u00e4ra l\u00e5ngfilm (1h och 19 min) fr\u00e5n 2015..<\/p>\n<p><iframe title=\"Maratonmarschen 2013-2015 \/ Fotrally - Dokument\u00e4ren\" src=\"https:\/\/player.vimeo.com\/video\/172445417?dnt=1&amp;app_id=122963\" width=\"500\" height=\"281\" frameborder=\"0\" allow=\"autoplay; fullscreen; picture-in-picture; clipboard-write\"><\/iframe><\/p>\n<p>Jag producerade en liten informationsfilm\/dokument\u00e4r om V\u00e4rldens mesta v\u00e4rldsrekordh\u00e5llare; Thomas Lundman.<\/p>\n<p><iframe title=\"Tomas Lundman Dokument\u00e4ren\" src=\"https:\/\/player.vimeo.com\/video\/138914787?dnt=1&amp;app_id=122963\" width=\"500\" height=\"281\" frameborder=\"0\" allow=\"autoplay; fullscreen; picture-in-picture; clipboard-write\"><\/iframe><\/p>\n<p>Det b\u00e4sta av mitt sk\u00e5despeleri (Arga Mannen &#8211; Sveriges v\u00e4rsta bilf\u00f6rare 2012), som gick p\u00e5 TV4.<\/p>\n<p><iframe title=\"Best of Arga Mannen I SVB.  17 minuter finkultur!\" src=\"https:\/\/player.vimeo.com\/video\/111166928?dnt=1&amp;app_id=122963\" width=\"500\" height=\"281\" frameborder=\"0\" allow=\"autoplay; fullscreen; picture-in-picture; clipboard-write\"><\/iframe><\/p>\n<p>TV reklam f\u00f6r &#8221;3&#8221;, 2008, som &#8221;rikemanspojk&#8221;.<\/p>\n<div style=\"width: 320px;\" class=\"wp-video\"><video class=\"wp-video-shortcode\" id=\"video-1359-1\" width=\"320\" height=\"240\" preload=\"metadata\" controls=\"controls\"><source type=\"video\/mp4\" src=\"http:\/\/www.gjutarenafve.com\/wp-content\/uploads\/2014\/08\/3-\u00f6verklass.mp4?_=1\" \/><a href=\"http:\/\/www.gjutarenafve.com\/wp-content\/uploads\/2014\/08\/3-\u00f6verklass.mp4\">http:\/\/www.gjutarenafve.com\/wp-content\/uploads\/2014\/08\/3-\u00f6verklass.mp4<\/a><\/video><\/div>\n<p>TV reklam f\u00f6r &#8221;3# \u00e5r 2008 som fader vid matbordet!<\/p>\n<div style=\"width: 320px;\" class=\"wp-video\"><video class=\"wp-video-shortcode\" id=\"video-1359-2\" width=\"320\" height=\"240\" preload=\"metadata\" controls=\"controls\"><source type=\"video\/mp4\" src=\"http:\/\/www.gjutarenafve.com\/wp-content\/uploads\/2014\/08\/3-familj.mp4?_=2\" \/><a href=\"http:\/\/www.gjutarenafve.com\/wp-content\/uploads\/2014\/08\/3-familj.mp4\">http:\/\/www.gjutarenafve.com\/wp-content\/uploads\/2014\/08\/3-familj.mp4<\/a><\/video><\/div>\n<p>Under n\u00e5gra \u00e5r fick jag h\u00f6ra f\u00f6ljande replik bakom ryggen i olika sammanhang&#8230;&#8221;F\u00e5r man r\u00f6ka d\u00e4r&#8221;&#8230;TV6 Erik &amp; Mackan, 2011.<\/p>\n<div style=\"width: 640px;\" class=\"wp-video\"><video class=\"wp-video-shortcode\" id=\"video-1359-3\" width=\"640\" height=\"360\" preload=\"metadata\" controls=\"controls\"><source type=\"video\/mp4\" src=\"http:\/\/www.gjutarenafve.com\/wp-content\/uploads\/2014\/08\/Erik-och-mackan-f\u00e5r-man-r\u00f6ka-d\u00e4r-d\u00e5_1.mp4?_=3\" \/><a href=\"http:\/\/www.gjutarenafve.com\/wp-content\/uploads\/2014\/08\/Erik-och-mackan-f\u00e5r-man-r\u00f6ka-d\u00e4r-d\u00e5_1.mp4\">http:\/\/www.gjutarenafve.com\/wp-content\/uploads\/2014\/08\/Erik-och-mackan-f\u00e5r-man-r\u00f6ka-d\u00e4r-d\u00e5_1.mp4<\/a><\/video><\/div>\n<p>Web reklam Greenpeace 2010 &#8211; &#8221;V\u00e4rldens ondaste man&#8221;.<\/p>\n<div style=\"width: 320px;\" class=\"wp-video\"><video class=\"wp-video-shortcode\" id=\"video-1359-4\" width=\"320\" height=\"240\" preload=\"metadata\" controls=\"controls\"><source type=\"video\/mp4\" src=\"http:\/\/www.gjutarenafve.com\/wp-content\/uploads\/2014\/08\/Greenpeace.mp4?_=4\" \/><a href=\"http:\/\/www.gjutarenafve.com\/wp-content\/uploads\/2014\/08\/Greenpeace.mp4\">http:\/\/www.gjutarenafve.com\/wp-content\/uploads\/2014\/08\/Greenpeace.mp4<\/a><\/video><\/div>\n<p>TV reklam 2011. LADA 4 wheel drive. \u00d6ver 600.000 tittare p\u00e5 Youtube.<\/p>\n<div style=\"width: 640px;\" class=\"wp-video\"><video class=\"wp-video-shortcode\" id=\"video-1359-5\" width=\"640\" height=\"360\" preload=\"metadata\" controls=\"controls\"><source type=\"video\/mp4\" src=\"http:\/\/www.gjutarenafve.com\/wp-content\/uploads\/2014\/08\/Lada-Sverige-reklam.mp4?_=5\" \/><a href=\"http:\/\/www.gjutarenafve.com\/wp-content\/uploads\/2014\/08\/Lada-Sverige-reklam.mp4\">http:\/\/www.gjutarenafve.com\/wp-content\/uploads\/2014\/08\/Lada-Sverige-reklam.mp4<\/a><\/video><\/div>\n<p>TV reklam Maria.com, 2012<\/p>\n<div style=\"width: 320px;\" class=\"wp-video\"><video class=\"wp-video-shortcode\" id=\"video-1359-6\" width=\"320\" height=\"180\" preload=\"metadata\" controls=\"controls\"><source type=\"video\/mp4\" src=\"http:\/\/www.gjutarenafve.com\/wp-content\/uploads\/2014\/08\/Maria_com-TV-reklam-2012.-Upp-till-100-freespins.wmv.mp4?_=6\" \/><a href=\"http:\/\/www.gjutarenafve.com\/wp-content\/uploads\/2014\/08\/Maria_com-TV-reklam-2012.-Upp-till-100-freespins.wmv.mp4\">http:\/\/www.gjutarenafve.com\/wp-content\/uploads\/2014\/08\/Maria_com-TV-reklam-2012.-Upp-till-100-freespins.wmv.mp4<\/a><\/video><\/div>\n<p>Kanal5,&nbsp;&nbsp;Wipeout, 2010. Starke Adolf<\/p>\n<div style=\"width: 480px;\" class=\"wp-video\"><video class=\"wp-video-shortcode\" id=\"video-1359-7\" width=\"480\" height=\"264\" preload=\"metadata\" controls=\"controls\"><source type=\"video\/mp4\" src=\"http:\/\/www.gjutarenafve.com\/wp-content\/uploads\/2014\/08\/Wipeout-Thomas-Gjutaren\u00e4fve-S02E03.mp4?_=7\" \/><a href=\"http:\/\/www.gjutarenafve.com\/wp-content\/uploads\/2014\/08\/Wipeout-Thomas-Gjutaren\u00e4fve-S02E03.mp4\">http:\/\/www.gjutarenafve.com\/wp-content\/uploads\/2014\/08\/Wipeout-Thomas-Gjutaren\u00e4fve-S02E03.mp4<\/a><\/video><\/div>\n<p>TV reklam AMF Pension, 2015. Sjungandes skogsavverkare med gr\u00e5tt sk\u00e4gg.<\/p>\n<div style=\"width: 1920px;\" class=\"wp-video\"><video class=\"wp-video-shortcode\" id=\"video-1359-8\" width=\"1920\" height=\"1080\" preload=\"metadata\" controls=\"controls\"><source type=\"video\/mp4\" src=\"http:\/\/www.gjutarenafve.com\/wp-content\/uploads\/2014\/08\/Tiden-spelar-trummor-103s.mp4?_=8\" \/><a href=\"http:\/\/www.gjutarenafve.com\/wp-content\/uploads\/2014\/08\/Tiden-spelar-trummor-103s.mp4\">http:\/\/www.gjutarenafve.com\/wp-content\/uploads\/2014\/08\/Tiden-spelar-trummor-103s.mp4<\/a><\/video><\/div>\n<p>TV4 Sveriges v\u00e4rsta bilf\u00f6rare. 20 minuter rena sk\u00e4ra elakheter.<\/p>\n<div style=\"width: 854px;\" class=\"wp-video\"><video class=\"wp-video-shortcode\" id=\"video-1359-9\" width=\"854\" height=\"480\" preload=\"metadata\" controls=\"controls\"><source type=\"video\/mp4\" src=\"http:\/\/www.gjutarenafve.com\/wp-content\/uploads\/2014\/08\/SVB-parkeringen.mp4?_=9\" \/><a href=\"http:\/\/www.gjutarenafve.com\/wp-content\/uploads\/2014\/08\/SVB-parkeringen.mp4\">http:\/\/www.gjutarenafve.com\/wp-content\/uploads\/2014\/08\/SVB-parkeringen.mp4<\/a><\/video><\/div>\n<p><strong>L\u00c4NKAR<\/strong><\/p>\n<p>Nedan har jag lagt upp n\u00e5gra \u201dudda\u201d filmer\/bilder och lite text. Minnesv\u00e4rda \u00f6gonblick!<\/p>\n<p><strong>2014<\/strong><\/p>\n<p><a href=\"http:\/\/www.youtube.com\/watch?v=FBuowfi9S-c\">http:\/\/www.youtube.com\/watch?v=FBuowfi9S-c<\/a><\/p>\n<p><img decoding=\"async\" class=\"alignnone size-full wp-image-1156\" src=\"http:\/\/www.gjutarenafve.com\/wp-content\/uploads\/2014\/06\/Stockholms-Filmskola-Vi-%C3%A4r-kvar-20140531.jpg\" alt=\"Stockholms Filmskola - Vi \u00e4r kvar! 20140531\" width=\"120\" height=\"90\"\/><\/p>\n<p>Kortfilm f\u00f6r Stockholms Filmskola d\u00e4r jag spelar en elak obalanserad fader som f\u00e5r \u201dmin\u201d dotter till att ta sitt liv!<\/p>\n<p><a href=\"https:\/\/www.youtube.com\/watch?v=fPkE9JFWEtM&amp;feature=youtu.be\">https:\/\/www.youtube.com\/watch?v=fPkE9JFWEtM&amp;feature=youtu.be<\/a><\/p>\n<p><img decoding=\"async\" src=\"http:\/\/www.gjutarenafve.com\/wp-content\/uploads\/2012\/03\/D%C3%B6md-att-f%C3%B6rlora-2-170x103.jpg\" alt=\"D\u00f6md att f\u00f6rlora (2)\" width=\"170\" height=\"103\"\/><\/p>\n<p>B\u00e4sta kortfilm 2014 p\u00e5 T\u00e4rna Folkh\u00f6gskolas filmfestival, Gjutaren\u00e4fve som alkoholiserad farsa, som psykiskt misshandlar sin son! Rej\u00e4lt orakad och \u00f6ldrickandes! Filmmusiken \u00e4r mycket bra!<\/p>\n<p><a href=\"https:\/\/www.youtube.com\/watch?v=ZmwPtTMP1eU\">https:\/\/www.youtube.com\/watch?v=ZmwPtTMP1eU<\/a><\/p>\n<p><strong>2013<\/strong><\/p>\n<p><img decoding=\"async\" class=\"alignnone size-thumbnail wp-image-1217\" src=\"http:\/\/www.gjutarenafve.com\/wp-content\/uploads\/2012\/03\/ScreenHunter_02-Jul.-24-18.09-170x94.jpg\" alt=\"ScreenHunter_02 Jul. 24 18.09\" width=\"170\" height=\"94\" srcset=\"https:\/\/www.gjutarenafve.com\/wp-content\/uploads\/2012\/03\/ScreenHunter_02-Jul.-24-18.09-170x94.jpg 170w, https:\/\/www.gjutarenafve.com\/wp-content\/uploads\/2012\/03\/ScreenHunter_02-Jul.-24-18.09-300x166.jpg 300w, https:\/\/www.gjutarenafve.com\/wp-content\/uploads\/2012\/03\/ScreenHunter_02-Jul.-24-18.09-1024x568.jpg 1024w, https:\/\/www.gjutarenafve.com\/wp-content\/uploads\/2012\/03\/ScreenHunter_02-Jul.-24-18.09.jpg 1275w\" sizes=\"(max-width: 170px) 100vw, 170px\" \/><\/p>\n<p>Bakom ett skrivbord sitter MORGAN, 45 (<strong>Thomas Gjutaren\u00e4fve<\/strong>), kostymkl\u00e4dd strebertyp. Han bl\u00e4ddrar f\u00f6rstr\u00f6tt i ett manuskript n\u00e4r, OLIVER, 35 (<strong>John Malmgren<\/strong>), kommer in\u2026\u2026.Filmen handlar om en f\u00f6rlagsdirekt\u00f6r som helst av allt vill s\u00e4lja allehanda b\u00f6cker, med inneh\u00e5ll som skall passa marknaden. F\u00f6rfattaren f\u00e5r inget utrymme till att komma ut med sitt egentliga budskap, d\u00e5 f\u00f6rl\u00e4ggaren hela tiden vill gr\u00e4va ner sig i m\u00f6rka detaljer ur f\u00f6rfattarens f\u00f6rflutna\u2026..ju m\u00f6rkare\u2026.desto mer av den s.k. marknaden som vill k\u00f6pa boken\u2026.och desto mer pengar till f\u00f6rlaget.<\/p>\n<p>L\u00e4nk till kortfilmen p\u00e5 yotube:&nbsp;<a href=\"http:\/\/youtu.be\/OOSW5xyX1UA\">http:\/\/youtu.be\/OOSW5xyX1UA<\/a><\/p>\n<p><img decoding=\"async\" src=\"http:\/\/sverigesradio.se\/sida\/images\/103\/2893434_1200_675.jpg?preset=article\" alt=\"Thomas Gjutaren\u00e4fve Foto:Peder Gustafsson\/Sveriges Radio\"\/><\/p>\n<p>Gjutaren\u00e4fve intervjuas om Fotrally i Radio P4 Stockholm, kl. 08.30, 27 juni 2013.&nbsp;Det ska g\u00f6ra ont, det ska vara jobbigt, det ska vara h\u00e5rt, det ska vara rent Helvete! Fotrally \u00e4r uth\u00e5llighet och psykologisk krigsf\u00f6ring, Allt-i-Ett eller julafton f\u00f6r alla som gillar utmaningar och sm\u00e4rta.<\/p>\n<p>L\u00e4nk:&nbsp;<a href=\"http:\/\/sverigesradio.se\/sida\/artikel.aspx?programid=103&amp;artikel=5576376\">http:\/\/sverigesradio.se\/sida\/artikel.aspx?programid=103&amp;artikel=5576376<\/a><\/p>\n<p><strong>2012<\/strong><\/p>\n<p><img loading=\"lazy\" decoding=\"async\" class=\"alignnone size-full wp-image-1218\" src=\"http:\/\/www.gjutarenafve.com\/wp-content\/uploads\/2012\/03\/060.jpg\" alt=\"060\" width=\"120\" height=\"90\"\/><\/p>\n<p>Sk\u00e5nsk poet, 2012, kortfilm p\u00e5 2 minuter mitt inne p\u00e5 Slussens T-banestation! Jag f\u00f6rs\u00f6ker br\u00e5ka med s\u00e5 m\u00e5nga som m\u00f6jligt men samtidigt l\u00e4sa upp en nyskriven dikt!<\/p>\n<p><a href=\"http:\/\/www.youtube.com\/watch?v=WzQlYCU1aH4&amp;feature=player_embedded\">http:\/\/www.youtube.com\/watch?v=WzQlYCU1aH4&amp;feature=player_embedded<\/a><\/p>\n<p><a href=\"http:\/\/www.gjutarenafve.com\/wp-content\/uploads\/2012\/03\/safe_image11.jpg\"><img loading=\"lazy\" decoding=\"async\" title=\"safe_image1\" src=\"http:\/\/www.gjutarenafve.com\/wp-content\/uploads\/2012\/03\/safe_image11-300x225.jpg\" alt=\"\" width=\"300\" height=\"225\"\/><\/a><\/p>\n<p>Maria.com 2012: Gangster. Gick p\u00e5 de flesta kommersiella TV-kanalerna&nbsp; 2012.<\/p>\n<p><a href=\"http:\/\/www.youtube.com\/watch?v=mkabNlUoe9Q\">http:\/\/www.youtube.com\/watch?v=mkabNlUoe9Q<\/a><\/p>\n<p><img loading=\"lazy\" decoding=\"async\" title=\"1294767572\" src=\"http:\/\/www.gjutarenafve.com\/wp-content\/uploads\/2012\/03\/12947675722.jpg\" alt=\"\" width=\"250\" height=\"141\"\/><\/p>\n<p>Sveriges v\u00e4rsta bilf\u00f6rare 2012: \u201dArga Mannen\u201d&nbsp; p\u00e5 TV4, alltid kl. 20.00 \u2013 21.00 (3 av 10 delar)<\/p>\n<p>Avsnitt 6:&nbsp;<a href=\"http:\/\/www.screencast.com\/users\/ThomasGjutarenafve\/folders\/Camtasia%20Studio\/media\/b75b791c-3135-4b23-bd0a-f525b0eccb25\">http:\/\/www.screencast.com\/users\/ThomasGjutarenafve\/folders\/Camtasia%20Studio\/media\/b75b791c-3135-4b23-bd0a-f525b0eccb25<\/a><\/p>\n<p><a href=\"http:\/\/www.gjutarenafve.com\/wp-content\/uploads\/2012\/03\/1994118414.png\"><img loading=\"lazy\" decoding=\"async\" src=\"http:\/\/www.gjutarenafve.com\/wp-content\/uploads\/2012\/03\/1994118414-150x150.png\" alt=\"1994118414\" width=\"150\" height=\"150\"\/><\/a><\/p>\n<p>Sveriges v\u00e4rsta bilf\u00f6rare 2012: \u201dArga Mannen\u201dAvsnitt 9:&nbsp;<a href=\"http:\/\/www.screencast.com\/users\/ThomasGjutarenafve\/folders\/Camtasia%20Studio\/media\/4b3bf097-b612-43cb-8ff9-af9462e577e2\">http:\/\/www.screencast.com\/users\/ThomasGjutarenafve\/folders\/Camtasia%20Studio\/media\/4b3bf097-b612-43cb-8ff9-af9462e577e2<\/a><\/p>\n<p><img loading=\"lazy\" decoding=\"async\" title=\"311052_10150441397784384_601734383_10459847_1024407833_n\" src=\"http:\/\/www.gjutarenafve.com\/wp-content\/uploads\/2012\/03\/311052_10150441397784384_601734383_10459847_1024407833_n2-200x300.jpg\" alt=\"\" width=\"200\" height=\"300\"\/><\/p>\n<p>Sveriges v\u00e4rsta bilf\u00f6rare 2012, Avsnitt 4:&nbsp;<a href=\"http:\/\/www.screencast.com\/users\/ThomasGjutarenafve\/folders\/Camtasia%20Studio\/media\/3ee8697e-ca2a-4882-a4eb-950aba7b121c\">http:\/\/www.screencast.com\/users\/ThomasGjutarenafve\/folders\/Camtasia%20Studio\/media\/3ee8697e-ca2a-4882-a4eb-950aba7b121c<\/a><\/p>\n<p><\/p>\n<p>F\u00f6r Kl\u00f6vern Fastighetsbolag gick jag runt och skr\u00e4mde upp olika f\u00f6retagsledningar i Stockholm City, december 2012, i b\u00e4sta James Bond stil. Allt i ett f\u00f6retagsevent f\u00f6r Creative Channels.<\/p>\n<p>Skr\u00e4mde upp alla ledningsgruppre och chefer genom att komma in p\u00e5 de olika kontoren och skrika efter \u201dolika chefspersoner\u201d som skulle komma omedelbart f\u00f6r instruktioner\u2026.fantastiskt kul!<\/p>\n<p>H\u00e4r \u00e4r hela den \u201dhemska\u201d historien d\u00e4r \u00e4n den ena \u00e4n den andra h\u00f6ga chefen fick n\u00e5got att t\u00e4nka p\u00e5:&nbsp;<a href=\"http:\/\/www.gjutarenafve.com\/?p=563\">http:\/\/www.gjutarenafve.com\/?p=563<\/a><\/p>\n<p><img loading=\"lazy\" decoding=\"async\" class=\"alignnone size-thumbnail wp-image-565\" src=\"http:\/\/www.gjutarenafve.com\/wp-content\/uploads\/2012\/12\/ATT00019-2-150x150.jpg\" alt=\"ATT00019 (2)\" width=\"150\" height=\"150\"\/><\/p>\n<p><\/p>\n<p>Sommaren 2012 spelade jag i en kort sekvens en kaxig oborstad balkan-kille med bl.a Jenny Berg i l\u00e5ngfilmen KIM, av Tobias Rydin. Filmen kommer ut 2014 eller 2015. Tanken \u00e4r biofilm.<\/p>\n<p><img loading=\"lazy\" decoding=\"async\" class=\"alignnone size-full wp-image-508\" src=\"http:\/\/www.gjutarenafve.com\/wp-content\/uploads\/2012\/03\/1342389045711.jpg\" alt=\"1342389045711\" width=\"512\" height=\"307\" srcset=\"https:\/\/www.gjutarenafve.com\/wp-content\/uploads\/2012\/03\/1342389045711.jpg 512w, https:\/\/www.gjutarenafve.com\/wp-content\/uploads\/2012\/03\/1342389045711-300x179.jpg 300w, https:\/\/www.gjutarenafve.com\/wp-content\/uploads\/2012\/03\/1342389045711-500x300.jpg 500w\" sizes=\"(max-width: 512px) 100vw, 512px\" \/><\/p>\n<p>SVT vinjett med bl.a. Peter Magnusson spelades in 2012 och som kommer att rullas ut p\u00e5 TV h\u00f6sten 2013. Jag vaktar en v\u00e4rdev\u00e4ska. Jarowskij.<\/p>\n<p>Fotomodell och omslag p\u00e5 k\u00f6ttf\u00f6rpackningar till krog\/saluhall i V\u00e4ster\u00e5s, 2013. Fotograf&nbsp;Andreas Lundberg.<\/p>\n<p><img loading=\"lazy\" decoding=\"async\" class=\"alignnone size-thumbnail wp-image-1219\" src=\"http:\/\/www.gjutarenafve.com\/wp-content\/uploads\/2012\/03\/mmdownload1-170x126.jpg\" alt=\"mmdownload\" width=\"170\" height=\"126\" srcset=\"https:\/\/www.gjutarenafve.com\/wp-content\/uploads\/2012\/03\/mmdownload1-170x126.jpg 170w, https:\/\/www.gjutarenafve.com\/wp-content\/uploads\/2012\/03\/mmdownload1-300x223.jpg 300w, https:\/\/www.gjutarenafve.com\/wp-content\/uploads\/2012\/03\/mmdownload1.jpg 1024w\" sizes=\"(max-width: 170px) 100vw, 170px\" \/><\/p>\n<p><strong>2011<\/strong><\/p>\n<p><a href=\"http:\/\/www.gjutarenafve.com\/wp-content\/uploads\/2012\/03\/Teliapapappan-och-TG-i-Ladareklam-20111.jpg\"><img loading=\"lazy\" decoding=\"async\" title=\"Teliapapappan och TG i Ladareklam 2011\" src=\"http:\/\/www.gjutarenafve.com\/wp-content\/uploads\/2012\/03\/Teliapapappan-och-TG-i-Ladareklam-20111-300x130.jpg\" alt=\"\" width=\"300\" height=\"130\"\/><\/a><\/p>\n<p>LADA-reklam med Teliapappan, 2011: \u00d6ver 640.000 tittare \u00e5r 2014.<\/p>\n<p><a href=\"http:\/\/www.youtube.com\/watch?v=98gDzvjRJhs\">http:\/\/www.youtube.com\/watch?v=98gDzvjRJhs<\/a><\/p>\n<p><a href=\"http:\/\/www.gjutarenafve.com\/wp-content\/uploads\/2012\/03\/309553_10150331188802879_551632878_8076221_666008822_n.jpg\"><img loading=\"lazy\" decoding=\"async\" title=\"309553_10150331188802879_551632878_8076221_666008822_n\" src=\"http:\/\/www.gjutarenafve.com\/wp-content\/uploads\/2012\/03\/309553_10150331188802879_551632878_8076221_666008822_n-300x225.jpg\" alt=\"\" width=\"300\" height=\"225\"\/><\/a><\/p>\n<p>Waterw\u00f6rld 2011: \u201dH\u00e5riga Mannen\u201d. Jag var med i alla 10 delarna, mer eller mindre som stuntman som hoppar i par fr\u00e5n 10 meters h\u00f6jd och sk\u00e5despelande brottare i vattnet.<\/p>\n<p>Ett litet smakprov p\u00e5 en stuntman som strax skall sl\u00e5ss med b\u00e5de ok\u00e4nda och k\u00e4nda personligheter n\u00e5gra meter upp i luften.<\/p>\n<p><a href=\"http:\/\/www.youtube.com\/watch?v=QHdDqqZ_heM\">http:\/\/www.youtube.com\/watch?v=QHdDqqZ_heM<\/a><\/p>\n<p><img decoding=\"async\" src=\"http:\/\/www.gjutarenafve.com\/wp-content\/uploads\/2012\/03\/380094_10150386708361179_631886178_8739526_1589122733_n-300x200.jpg\" alt=\"\"\/><\/p>\n<p><a href=\"http:\/\/www.tv6play.se\/play\/256452\/?autostart=true\">http:\/\/www.tv6play.se\/play\/256452\/?autostart=true<\/a><\/p>\n<p>\u201dF\u00e5r man r\u00f6ka d\u00e4r d\u00e5\u201d med Erik och Mackan p\u00e5 TV6. Mitt under s\u00e4ndningen st\u00e4ller jag mig bara upp och fr\u00e5gar om man f\u00e5r \u201dr\u00f6ka d\u00e4r d\u00e5\u201d. Klippet s\u00e5g jag sj\u00e4lv f\u00f6rst 2012-02-24.<\/p>\n<p><a href=\"http:\/\/www.youtube.com\/watch?v=sE5UsLCbmgU\">http:\/\/www.youtube.com\/watch?v=sE5UsLCbmgU<\/a><\/p>\n<p>Inkognito f\u00f6r TV4. Jag spelar bodyguard f\u00f6r Rickard Ulfs\u00e4ter (som tidigare spelade sk\u00e5ningen i Playa del Sol). Det tog 2 \u00e5r innan filmen visades p\u00e5 TV4 (v\u00e5ren 2013).<\/p>\n<p>P\u00e5 Netflix \u00e4r jag huvudomslaget till filmen!!!<\/p>\n<p><img loading=\"lazy\" decoding=\"async\" class=\"alignnone size-thumbnail wp-image-890\" src=\"http:\/\/www.gjutarenafve.com\/wp-content\/uploads\/2013\/09\/ScreenHunter_03-Sep.-24-13.55-119x170.gif\" alt=\"ScreenHunter_03 Sep. 24 13.55\" width=\"119\" height=\"170\" srcset=\"https:\/\/www.gjutarenafve.com\/wp-content\/uploads\/2013\/09\/ScreenHunter_03-Sep.-24-13.55-119x170.gif 119w, https:\/\/www.gjutarenafve.com\/wp-content\/uploads\/2013\/09\/ScreenHunter_03-Sep.-24-13.55-210x300.gif 210w\" sizes=\"(max-width: 119px) 100vw, 119px\" \/><\/p>\n<p>F\u00f6r min medverkan som bodyguarden \u201dJ\u00e4tten\u201d, fick jag min f\u00f6rsta inteckning hos IMDb (erk\u00e4nda sk\u00e5despelarinsatser i filmv\u00e4rlden);<\/p>\n<p><a href=\"http:\/\/www.imdb.com\/name\/nm5453172\/\">http:\/\/www.imdb.com\/name\/nm5453172\/<\/a><\/p>\n<p><strong>2010<\/strong><\/p>\n<p><a href=\"http:\/\/www.gjutarenafve.com\/wp-content\/uploads\/2012\/03\/Eniro-bild-1-clip_image0021.jpg\"><img loading=\"lazy\" decoding=\"async\" title=\"Eniro bild 1 clip_image002\" src=\"http:\/\/www.gjutarenafve.com\/wp-content\/uploads\/2012\/03\/Eniro-bild-1-clip_image0021-300x187.jpg\" alt=\"\" width=\"300\" height=\"187\"\/><\/a><\/p>\n<p>Eniro 118118, \u00e5r 2010:<\/p>\n<p><a href=\"http:\/\/www.youtube.com\/watch?v=tHbd4VZZak4\">http:\/\/www.youtube.com\/watch?v=tHbd4VZZak4<\/a><\/p>\n<p><a href=\"http:\/\/www.gjutarenafve.com\/wp-content\/uploads\/2012\/03\/Wiipeout-Presentation-i-TV.jpg\"><img loading=\"lazy\" decoding=\"async\" title=\"Wiipeout Presentation i TV\" src=\"http:\/\/www.gjutarenafve.com\/wp-content\/uploads\/2012\/03\/Wiipeout-Presentation-i-TV.jpg\" alt=\"\" width=\"252\" height=\"158\"\/><\/a><\/p>\n<p>Wipeout 2010: \u201dH\u00e5rbollen\u201d. Namnet satte Felix Herngren omedelbart!.<\/p>\n<p><a href=\"http:\/\/www.youtube.com\/watch?v=VkpSFBjfP6o\">http:\/\/www.youtube.com\/watch?v=VkpSFBjfP6o<\/a><\/p>\n<p><\/p>\n<p><a href=\"http:\/\/www.gjutarenafve.com\/wp-content\/uploads\/2012\/03\/Greenpeace-6-helbild-med-greenscrean-i-bakgrund-IMG_4395.jpg\"><img loading=\"lazy\" decoding=\"async\" title=\"Greenpeace 6 helbild med greenscrean i bakgrund IMG_4395\" src=\"http:\/\/www.gjutarenafve.com\/wp-content\/uploads\/2012\/03\/Greenpeace-6-helbild-med-greenscrean-i-bakgrund-IMG_4395-150x150.jpg\" alt=\"\" width=\"150\" height=\"150\"\/><\/a><\/p>\n<p>Greenpeace, \u00e5r 2010: Jordens Ondaste man, som \u201dUranus\u201d \u2013 k\u00e4rnkraftverket.<\/p>\n<p><a href=\"http:\/\/www.youtube.com\/watch?v=yfO8Cov9SYg\">http:\/\/www.youtube.com\/watch?v=yfO8Cov9SYg<\/a><\/p>\n<p>Greenpeace, \u00e5r 2010, ett spel p\u00e5 n\u00e4tet d\u00e4r du kan sl\u00e5 in skallen p\u00e5 mig;<\/p>\n<p><a href=\"http:\/\/www.stallomsverige.se\/08_slagetomjorden.php\">http:\/\/www.stallomsverige.se\/08_slagetomjorden.php<\/a><\/p>\n<p>Stockholm-B\u00e5stad \/ TV4. Spelade vaktchef mot Ola Rapace. TV-serien visades 2012. Tre V\u00e4nner producerade filmen.<\/p>\n<p>Modellfoto,&nbsp;Psykopat i frack f\u00f6r Anneli Ellie \u00c5kerman Currie,&nbsp;ACE Models<\/p>\n<p><img loading=\"lazy\" decoding=\"async\" class=\"alignnone size-full wp-image-11\" src=\"http:\/\/www.gjutarenafve.com\/wp-content\/uploads\/2012\/03\/203132_100002620359744_5039793_n.jpg\" alt=\"Butlern &quot;Max&quot; i &quot;Sunset Boulevard&quot;. Kort teaterscen f\u00f6r Filminstitutet p\u00e5 Filmhuset 2010. \" width=\"180\" height=\"271\"\/><\/p>\n<p><strong>2009<\/strong><\/p>\n<p><b>Medverkade som \u201dStarke Adolf\u201d i MTV-videon f\u00f6r finska popbandet \u201dKing Star\u201d. L\u00e4gg m\u00e4rke till den kommande \u201dWipeout-dr\u00e4kten\u201d.&nbsp;<\/b><\/p>\n<p><a href=\"https:\/\/www.facebook.com\/video\/video.php?v=175587412378\">https:\/\/www.facebook.com\/video\/video.php?v=175587412378<\/a><\/p>\n<p><strong>2008<\/strong><\/p>\n<p>Mobiloperat\u00f6ren 3, Vi gjorde flera olika kortare reklamer, men den h\u00e4r \u00e4r l\u00e4ngre och var mest uppskattad del \u00e5r 2008: Bilsnackaren, Familjefadern med grov sk\u00e5nska.<\/p>\n<p><a href=\"http:\/\/www.gjutarenafve.com\/wp-content\/uploads\/2012\/03\/meal_01.jpg\"><img loading=\"lazy\" decoding=\"async\" title=\"meal_01\" src=\"http:\/\/www.gjutarenafve.com\/wp-content\/uploads\/2012\/03\/meal_01-150x150.jpg\" alt=\"\" width=\"150\" height=\"150\"\/><\/a><\/p>\n<p><a href=\"http:\/\/www.youtube.com\/watch?v=pJkEVM_gG3g\">http:\/\/www.youtube.com\/watch?v=pJkEVM_gG3g<\/a><\/p>\n<p><strong>2007 (Min allra f\u00f6rsta TV-reklam)<\/strong><\/p>\n<p><a href=\"http:\/\/www.gjutarenafve.com\/wp-content\/uploads\/2012\/03\/J%C3%A4tte-till-mail.bmp\"><img decoding=\"async\" title=\"J\u00e4tte till mail\" src=\"http:\/\/www.gjutarenafve.com\/wp-content\/uploads\/2012\/03\/J%C3%A4tte-till-mail.bmp\" alt=\"\"\/><\/a><\/p>\n<p>Canal Digital, 2007, \u201dJ\u00e4tten\u201d som skr\u00e4mmer barn.<\/p>\n<p><a href=\"http:\/\/www.youtube.com\/watch?v=d-hEHEre6ts&amp;feature=related\">http:\/\/www.youtube.com\/watch?v=d-hEHEre6ts&amp;feature=related<\/a><\/p>\n\n\n<p class=\"wp-block-paragraph\"><\/p>\n","protected":false},"excerpt":{"rendered":"<div class=\"mh-excerpt\"><p>Min senaste Showreel: https:\/\/www.youtube.com\/watch?v=auqarCIMe0Y&#038;t=5s Jag producerar dokument\u00e4rfilmer runt den \u00e5rliga uth\u00e5llighetst\u00e4vlingen Maratonmarschen\/Fotrally (startade 2009). H\u00e4r en trailer d\u00e4r jag agerar som Journalist\/Reporter Ett omskakande mer <a class=\"mh-excerpt-more\" href=\"https:\/\/www.gjutarenafve.com\/?page_id=1359\" title=\"FILM CV\">[&#8230;]<\/a><\/p>\n<\/div>","protected":false},"author":2,"featured_media":502,"parent":0,"menu_order":0,"comment_status":"open","ping_status":"open","template":"","meta":{"footnotes":""},"class_list":["post-1359","page","type-page","status-publish","has-post-thumbnail","hentry"],"_links":{"self":[{"href":"https:\/\/www.gjutarenafve.com\/index.php?rest_route=\/wp\/v2\/pages\/1359","targetHints":{"allow":["GET"]}}],"collection":[{"href":"https:\/\/www.gjutarenafve.com\/index.php?rest_route=\/wp\/v2\/pages"}],"about":[{"href":"https:\/\/www.gjutarenafve.com\/index.php?rest_route=\/wp\/v2\/types\/page"}],"author":[{"embeddable":true,"href":"https:\/\/www.gjutarenafve.com\/index.php?rest_route=\/wp\/v2\/users\/2"}],"replies":[{"embeddable":true,"href":"https:\/\/www.gjutarenafve.com\/index.php?rest_route=%2Fwp%2Fv2%2Fcomments&post=1359"}],"version-history":[{"count":16,"href":"https:\/\/www.gjutarenafve.com\/index.php?rest_route=\/wp\/v2\/pages\/1359\/revisions"}],"predecessor-version":[{"id":2328,"href":"https:\/\/www.gjutarenafve.com\/index.php?rest_route=\/wp\/v2\/pages\/1359\/revisions\/2328"}],"wp:featuredmedia":[{"embeddable":true,"href":"https:\/\/www.gjutarenafve.com\/index.php?rest_route=\/wp\/v2\/media\/502"}],"wp:attachment":[{"href":"https:\/\/www.gjutarenafve.com\/index.php?rest_route=%2Fwp%2Fv2%2Fmedia&parent=1359"}],"curies":[{"name":"wp","href":"https:\/\/api.w.org\/{rel}","templated":true}]}}